{"id":10,"date":"2013-11-01T22:33:45","date_gmt":"2013-11-01T21:33:45","guid":{"rendered":"http:\/\/apichamossaire.ch\/demo\/?page_id=10"},"modified":"2020-01-24T07:59:23","modified_gmt":"2020-01-24T06:59:23","slug":"historique","status":"publish","type":"page","link":"https:\/\/www.apichamossaire.ch\/?page_id=10","title":{"rendered":"Historique"},"content":{"rendered":"<div>\n<h3>LE CHAMOSSAIRE<\/h3>\n<\/div>\n<p>Extrait du comit\u00e9 de la SAR du 11 d\u00e9cembre 1942:<br \/>\nLa section des Alpes d&rsquo;Aigle annonce 253 membres et 57 radiations.<br \/>\nLors de la m\u00eame s\u00e9ance, la section \u00ab\u00a0LE CHAMOSSAIRE\u00a0\u00bb demande sont admission.<br \/>\nRenvoy\u00e9 \u00e0 la prochaine assembl\u00e9e des d\u00e9l\u00e9gu\u00e9s.<\/p>\n<p>Une assembl\u00e9e constitutive se tient le dimanche 20 d\u00e9cembre 1942 au Central-Logis \u00e0 Bex. Sont pr\u00e9sents 21 membres fondateurs. Sur proposition du Charles Dupuis, elle sera d\u00e9nomm\u00e9e \u00ab\u00a0Le Chamossaire\u00a0\u00bb. 63 apiculteurs ont demand\u00e9 leur adh\u00e9sion.<\/p>\n<p>Les statuts sont adopt\u00e9s. Le prix de la carte de membre a \u00e9t\u00e9 fix\u00e9 \u00e0 Fr. 2.&#8211; et la cotisation annuelle \u00e0 Fr. 7.50<\/p>\n<p>Le comit\u00e9 est compos\u00e9 de\u00a0: Elie P\u00e9clard pr\u00e9sident, Edouard Moreillon vice-pr\u00e9sident, Charles Linder secr\u00e9taire, Fr\u00e9d\u00e9ric Forestier caissier, Louis Rosset membre.<\/p>\n<p style=\"text-align: center;\">***<\/p>\n<p>Lors de l\u2019assembl\u00e9e des d\u00e9l\u00e9gu\u00e9s de la F\u00e9d\u00e9ration vaudoise d\u2019apiculture (FVA) \u00e0 Vevey le dimanche 21 f\u00e9vrier 1943, la soci\u00e9t\u00e9 a \u00e9t\u00e9 admise comme membre. L\u2019adh\u00e9sion ne fut pas facile. Trois tours de vote ont \u00e9t\u00e9 n\u00e9cessaires. Les deux premiers ont \u00e9t\u00e9 nuls, le troisi\u00e8me a donn\u00e9 17 oui, 14 non et un bulletin blanc.<\/p>\n<p style=\"text-align: center;\">***<\/p>\n<p>La soci\u00e9t\u00e9 est admise au sein de la St\u00e9 Romande d\u2019Apiculture lors de l\u2019assembl\u00e9e des d\u00e9l\u00e9gu\u00e9s tenue \u00e0 Lausanne le samedi 6 mars 1943. Le vote \u00e0 bulletin secret est demand\u00e9 par la section des Alpes. Bulletins d\u00e9livr\u00e9s 98, 70 pour, 24 contre et 4 blancs.<\/p>\n<p align=\"center\">***<\/p>\n<p style=\"text-align: left;\" align=\"center\">La premi\u00e8re assembl\u00e9e apr\u00e8s l&rsquo;admission par les instances cantonale et romande, \u00e0 lieu le 9 mai 1943 au Central Logis, (actuellement Welcom Pub)<\/p>\n<p style=\"text-align: left;\" align=\"center\"><strong>RUCHER DE LA SOCIETE<\/strong><\/p>\n<p style=\"text-align: left;\" align=\"center\">Au printemps 1944, Jules Echenard d\u00e9c\u00e8de. Le comit\u00e9 propose l\u2019achat de son rucher ainsi que du mat\u00e9riel apicole, dont 22 ruches au Neyers.<\/p>\n<p>L\u2019assembl\u00e9e g\u00e9n\u00e9rale (AG) du 77 juin ratifie cette proposition et un emprunt bancaire de 4000 frs est n\u00e9cessaire, qui sera totalement rembours\u00e9 en 1959.<\/p>\n<p>Mlle Olga P\u00e9clard en assumera la conduite.<\/p>\n<p>En 1950, il est d\u00e9plac\u00e9 \u00e0 Chi\u00e8tres s\/Bex sur un terrain dont M. Rapin est le fermier.<\/p>\n<p>En 1968, apr\u00e8s plusieurs d\u00e9placements, il est install\u00e9 au lieu dit La For\u00eat et Edouard Rayroud en assume la conduite.<\/p>\n<p>En 1972, nouveau d\u00e9m\u00e9nagement \u00e0 Lavey chez Marius Bochatay qui en est le responsable.<\/p>\n<p>En 1974, lorsque Edouard Rayroud remplace sont rucher par une centaine de ruches, il profite d&rsquo;un prix de gros chez l&rsquo;\u00e9tablissement Rithner afin d&rsquo;acheter \u00a07 ruches neuves, au prix de Fr. 250.&#8211; la ruche, pour remplacer le mat\u00e9riel devenu dans un \u00e9tat d\u00e9plorable. La bonne r\u00e9colte de miel a compens\u00e9 cette d\u00e9pense.<\/p>\n<p>Pendant de nombreuses ann\u00e9es, F\u00e9lix Morex a aid\u00e9 le responsable du rucher.<\/p>\n<p>D\u00e8s 1984, d\u00e9placement au rucher de Pierre Dubois au Ch\u00e2tel qui en assume la responsabilit\u00e9. Il est install\u00e9 En Tovayre, \u00e7&rsquo;est au sommet du Ch\u00e2tel vers le Courset.<br \/>\nEn 1987, il est d\u00e9plac\u00e9 \u00e0 son emplacement actuel sur le terrain et le rucher de Pierre Dubois, au Pr\u00e9 du Bourg, au Ch\u00e2tel mais vers le d\u00e9potoir de la Croisette.<\/p>\n<p>Achat de ruches neuves pour remplacer les anciennes\u00a0: 3 en 1999 et 4 en 2000.<br \/>\nLes anciennes sont vendues au prix de Fr. 250.&#8211; \u00e0 350.&#8211; avec les abeilles.<br \/>\nLes neuves sont achet\u00e9es \u00e0 Fr. 600.&#8211; avec les cadres gaufr\u00e9s. Un prix est favorable car nous avons profit\u00e9 du remplacement des ruches du pr\u00e9sident Pierre Dubois qui en \u00e0 chang\u00e9 une vingtaines.<\/p>\n<p style=\"text-align: center;\">***<\/p>\n<p style=\"text-align: left;\">Premi\u00e8re excursion hors des limites du district d\u2019Aigle.<\/p>\n<p>Lors de l\u2019AG du 10 novembre 1946, M. Arthur Loup, un ami de la soci\u00e9t\u00e9, inspecteur des ruchers de la Gruy\u00e8res, domicili\u00e9 \u00e0 la Tour-de-Tr\u00eame, pr\u00e9sente une conf\u00e9rence de grande valeur. A la fin de son expos\u00e9, il propose que la soci\u00e9t\u00e9 lui rende visite l\u2019\u00e9t\u00e9 prochain. Le comit\u00e9 organise l\u2019excursion. Participation de seulement 6 membres.<\/p>\n<p style=\"text-align: center;\">***<\/p>\n<p style=\"text-align: left;\">Le 8 juillet 1951, la soci\u00e9t\u00e9 organise \u00e0 Gryon l\u2019assembl\u00e9e G\u00e9n\u00e9rale de la F\u00e9d\u00e9ration Vaudoise qui a \u00e9t\u00e9 \u00e0 tout point de vue, une parfaite r\u00e9ussite.<\/p>\n<p>Elle a laiss\u00e9 un boni fort appr\u00e9ciable de Fr. 531.&#8211;<\/p>\n<p style=\"text-align: center;\">***<\/p>\n<p><strong>Cotisation annuelle<\/strong><\/p>\n<p>Lors de l\u2019AG du 7 novembre 1948, le comit\u00e9 propose de fixer la cotisation pour 1949 \u00e0 8.50 frs et 9 frs pour 1950. Ce qui f\u00fbt adopt\u00e9 par les membres.<\/p>\n<p>Cependant, lors de l\u2019assembl\u00e9e de 1949, une discussion g\u00e9n\u00e9rale s\u2019\u00e9l\u00e8ve au sujet de la cotisation pour 1950. Le caissier calme les esprits en proposant de la rapporter \u00e0 8.50 frs.<\/p>\n<p>Nouvelle d\u00e9cision lors de l\u2019assembl\u00e9e de 1952. La SAR augmentant sa cotisation de 6.50 frs \u00e0 7 frs, le montant de 9 frs est admis sans aucune opposition.<\/p>\n<p style=\"text-align: center;\">***<\/p>\n<p style=\"text-align: left;\"><strong>Printemps 1960<\/strong><\/p>\n<p>Plusieurs ruchers de la r\u00e9gion ont \u00e9t\u00e9 empoisonn\u00e9s par un traitement sur le colza en fleur. L\u2019assurance Mutuelle vaudoise \u00e0<\/p>\n<p>a vers\u00e9 une somme de 4530 frs pour 19 apiculteurs dont 161 ruches ont \u00e9t\u00e9 touch\u00e9es. A la satisfaction g\u00e9n\u00e9rale, le comit\u00e9 s\u2019est charg\u00e9 de la r\u00e9partition des indemnit\u00e9s aux propri\u00e9taires sinistr\u00e9s.<\/p>\n<p style=\"text-align: center;\">***<\/p>\n<p><strong>Assembl\u00e9e g\u00e9n\u00e9rale du 5 d\u00e9cembre 1965<\/strong><\/p>\n<p>La r\u00e9gion de Bex est touch\u00e9e par la fi\u00e8vre aphteuse. Suite \u00e0 un arr\u00eat\u00e9 pr\u00e9fectoral, l\u2019assembl\u00e9e ne peut se tenir dans cette localit\u00e9. D\u00e9marche du pr\u00e9sident aupr\u00e8s du pr\u00e9fet qui accepte qu\u2019elle se d\u00e9roule \u00e0 Villeneuve.<\/p>\n<p style=\"text-align: center;\">\u00a0***<\/p>\n<p>En 1974, la section des Alpes propose \u00e0 la soci\u00e9t\u00e9 d\u2019\u00e9tudier la possibilit\u00e9 de la fusion des deux sections. A l\u2019unanimit\u00e9 des membres, cette proposition est repouss\u00e9e lors de l\u2019assembl\u00e9e g\u00e9n\u00e9rale.<\/p>\n<p align=\"center\">***<\/p>\n<p>Lors de l\u2019Assembl\u00e9e des d\u00e9l\u00e9gu\u00e9s de la F\u00e9d\u00e9ration vaudoise d\u2019apiculture du 14 f\u00e9vrier 1987, Pierre Dubois est \u00e9lu membre du comit\u00e9. C\u2019est une premi\u00e8re pour la section. Il fut pr\u00e9sident en 1994 et 1995.<\/p>\n<p align=\"center\">***<\/p>\n<p style=\"text-align: left;\" align=\"center\">1988\u00a0: Arriv\u00e9e du parasite Varroa destructor.<\/p>\n<p>Cet acarien a \u00e9t\u00e9 d\u00e9couvert dans plusieurs ruches de la r\u00e9gion. Il nous impose une nouvelle conduite de nos ruchers.<\/p>\n<p style=\"text-align: left;\" align=\"center\"><strong>Nouveaux statuts en 1992.<\/strong><\/p>\n<p>\u00a0Le 20 juin 1993, le 50<sup>\u00e8me<\/sup> anniversaire de la fondation de la Soci\u00e9t\u00e9 est c\u00e9l\u00e9br\u00e9 \u00e0 l\u2019Auberge du Pont-de-Nant avec la participation d\u2019environ 50 membres et invit\u00e9s. Ce fut une m\u00e9morable journ\u00e9e.<\/p>\n<p align=\"center\">***<\/p>\n<p>1995\u00a0: Premi\u00e8re participation de la Soci\u00e9t\u00e9 \u00e0 la foire aux oignons de Bex.<\/p>\n<p>Un stand y est install\u00e9 pour la vente de miel du rucher.<\/p>\n<p style=\"text-align: center;\">***<\/p>\n<p>Un tournus a \u00e9t\u00e9 mis en place pour l\u2019organisation de l\u2019assembl\u00e9e des d\u00e9l\u00e9gu\u00e9s de la F\u00e9d\u00e9ration vaudoise d\u2019apiculture. Le 15 f\u00e9vrier 1997, elle se d\u00e9roule \u00e0 Bex dans la salle historique de l\u2019H\u00f4tel-de-Ville.<\/p>\n<p style=\"text-align: center;\">***<\/p>\n<p>15 mars 2007, lancement d\u2019un site de la Soci\u00e9t\u00e9 sur le Web avec comme adresse <a href=\"http:\/\/www.apichamossaire.ch\/\">www.apichamossaire.ch<\/a>. Roger Conus alias Sunoc en est le cr\u00e9ateur et le webmaster.<\/p>\n<p>En f\u00e9vrier 2014, le site est renouvel\u00e9, par Nicolas Dubois, Fils de Pierre le pr\u00e9sident.<br \/>\nIl est mis \u00e0 jour r\u00e9guli\u00e8rement par le pr\u00e9sident.<\/p>\n<p style=\"text-align: center;\">***<\/p>\n<p><strong>Le 7 f\u00e9vrier 2015 assembl\u00e9e de la FEDERATION VAUDOISE<\/strong><\/p>\n<p>C&rsquo;est avec fiert\u00e9 que nous avons re\u00e7u l&rsquo;assembl\u00e9e g\u00e9n\u00e9rale de la \u00a0FVA \u00e0 l&rsquo;H\u00f4tel de ville de Bex<br \/>\nNous sommes en possession durant une ann\u00e9e de la m\u00e9daille d&rsquo;Or du plus beau stand que la FVA avait \u00e0 APIMIONDIA de 1995 \u00e0 Lausanne.<br \/>\nLe stand \u00e9tait rempli de 1360 cadres de hausses par tous les apiculteurs vaudois.<br \/>\nA l&rsquo;\u00e9poque, j&rsquo;\u00e9tais le pr\u00e9sident\u00a0<em>(pierre dubois)<\/em><\/p>\n<p>voici des photos<\/p>\n<p><a href=\"https:\/\/i0.wp.com\/apichamossaire.ch\/wp-content\/uploads\/2013\/11\/PHOTOS-APIMONDIA.jpg\"><img data-recalc-dims=\"1\" loading=\"lazy\" decoding=\"async\" data-attachment-id=\"447\" data-permalink=\"https:\/\/www.apichamossaire.ch\/?attachment_id=447\" data-orig-file=\"https:\/\/i0.wp.com\/www.apichamossaire.ch\/wp-content\/uploads\/2013\/11\/PHOTOS-APIMONDIA.jpg?fit=2479%2C1754&amp;ssl=1\" data-orig-size=\"2479,1754\" data-comments-opened=\"1\" data-image-meta=\"{&quot;aperture&quot;:&quot;0&quot;,&quot;credit&quot;:&quot;&quot;,&quot;camera&quot;:&quot;&quot;,&quot;caption&quot;:&quot;&quot;,&quot;created_timestamp&quot;:&quot;0&quot;,&quot;copyright&quot;:&quot;&quot;,&quot;focal_length&quot;:&quot;0&quot;,&quot;iso&quot;:&quot;0&quot;,&quot;shutter_speed&quot;:&quot;0&quot;,&quot;title&quot;:&quot;&quot;,&quot;orientation&quot;:&quot;0&quot;}\" data-image-title=\"PHOTOS APIMONDIA\" data-image-description=\"\" data-image-caption=\"\" data-medium-file=\"https:\/\/i0.wp.com\/www.apichamossaire.ch\/wp-content\/uploads\/2013\/11\/PHOTOS-APIMONDIA.jpg?fit=300%2C212&amp;ssl=1\" data-large-file=\"https:\/\/i0.wp.com\/www.apichamossaire.ch\/wp-content\/uploads\/2013\/11\/PHOTOS-APIMONDIA.jpg?fit=525%2C371&amp;ssl=1\" class=\"alignnone size-large wp-image-447\" src=\"https:\/\/i0.wp.com\/apichamossaire.ch\/wp-content\/uploads\/2013\/11\/PHOTOS-APIMONDIA-1024x724.jpg?resize=525%2C371\" alt=\"PHOTOS APIMONDIA\" width=\"525\" height=\"371\" srcset=\"https:\/\/i0.wp.com\/www.apichamossaire.ch\/wp-content\/uploads\/2013\/11\/PHOTOS-APIMONDIA.jpg?resize=1024%2C724&amp;ssl=1 1024w, https:\/\/i0.wp.com\/www.apichamossaire.ch\/wp-content\/uploads\/2013\/11\/PHOTOS-APIMONDIA.jpg?resize=300%2C212&amp;ssl=1 300w, https:\/\/i0.wp.com\/www.apichamossaire.ch\/wp-content\/uploads\/2013\/11\/PHOTOS-APIMONDIA.jpg?resize=900%2C636&amp;ssl=1 900w, https:\/\/i0.wp.com\/www.apichamossaire.ch\/wp-content\/uploads\/2013\/11\/PHOTOS-APIMONDIA.jpg?w=1575&amp;ssl=1 1575w\" sizes=\"auto, (max-width: 525px) 100vw, 525px\" \/><\/a><\/p>\n<p style=\"text-align: center;\">\u00a0***<\/p>\n<p><strong>D\u00e9mission de Pierre Dubois<br \/>\n<\/strong><strong><br \/>\n<\/strong>En 2018<strong>, <\/strong>Pierre Dubois, remet la pr\u00e9sidence \u00e0 Pierre-Yves Marl\u00e9taz apr\u00e8s 24 ann\u00e9es pass\u00e9es dans cette fonction.<strong><br \/>\n<\/strong><\/p>\n<p>Encore un immense merci pour tout ce que tu as fait pour notre soci\u00e9t\u00e9.<\/p>\n<div class=\"tiled-gallery type-circle tiled-gallery-unresized\" data-original-width=\"525\" data-carousel-extra='{&quot;blog_id&quot;:1,&quot;permalink&quot;:&quot;https:\\\/\\\/www.apichamossaire.ch\\\/?page_id=10&quot;,&quot;likes_blog_id&quot;:139945035}' itemscope itemtype=\"http:\/\/schema.org\/ImageGallery\" > <div class=\"gallery-row\" style=\"width: 525px; height: 262px;\" data-original-width=\"525\" data-original-height=\"262\" > <div class=\"gallery-group\" style=\"width: 262px; height: 262px;\" data-original-width=\"262\" data-original-height=\"262\" > <div class=\"tiled-gallery-item \" itemprop=\"associatedMedia\" itemscope itemtype=\"http:\/\/schema.org\/ImageObject\"> <a href=\"https:\/\/www.apichamossaire.ch\/?attachment_id=800\" border=\"0\" itemprop=\"url\"> <meta itemprop=\"width\" content=\"258\"> <meta itemprop=\"height\" content=\"258\"> <img decoding=\"async\" class=\"\" data-attachment-id=\"800\" data-orig-file=\"https:\/\/www.apichamossaire.ch\/wp-content\/uploads\/2018\/03\/Pierre_2018.jpg\" data-orig-size=\"1200,1600\" data-comments-opened=\"1\" data-image-meta=\"{&quot;aperture&quot;:&quot;0&quot;,&quot;credit&quot;:&quot;&quot;,&quot;camera&quot;:&quot;&quot;,&quot;caption&quot;:&quot;&quot;,&quot;created_timestamp&quot;:&quot;0&quot;,&quot;copyright&quot;:&quot;&quot;,&quot;focal_length&quot;:&quot;0&quot;,&quot;iso&quot;:&quot;0&quot;,&quot;shutter_speed&quot;:&quot;0&quot;,&quot;title&quot;:&quot;&quot;,&quot;orientation&quot;:&quot;0&quot;}\" data-image-title=\"Pierre_2018\" data-image-description=\"\" data-medium-file=\"https:\/\/i0.wp.com\/www.apichamossaire.ch\/wp-content\/uploads\/2018\/03\/Pierre_2018.jpg?fit=225%2C300&#038;ssl=1\" data-large-file=\"https:\/\/i0.wp.com\/www.apichamossaire.ch\/wp-content\/uploads\/2018\/03\/Pierre_2018.jpg?fit=525%2C700&#038;ssl=1\" src=\"https:\/\/i0.wp.com\/www.apichamossaire.ch\/wp-content\/uploads\/2018\/03\/Pierre_2018.jpg?w=258&#038;h=258&#038;crop=1&#038;ssl=1\" srcset=\"https:\/\/i0.wp.com\/www.apichamossaire.ch\/wp-content\/uploads\/2018\/03\/Pierre_2018.jpg?resize=150%2C150&amp;ssl=1 150w, https:\/\/i0.wp.com\/www.apichamossaire.ch\/wp-content\/uploads\/2018\/03\/Pierre_2018.jpg?resize=1200%2C1200&amp;ssl=1 1200w, https:\/\/i0.wp.com\/www.apichamossaire.ch\/wp-content\/uploads\/2018\/03\/Pierre_2018.jpg?resize=100%2C100&amp;ssl=1 100w, https:\/\/i0.wp.com\/www.apichamossaire.ch\/wp-content\/uploads\/2018\/03\/Pierre_2018.jpg?zoom=2&amp;resize=258%2C258&amp;ssl=1 516w, https:\/\/i0.wp.com\/www.apichamossaire.ch\/wp-content\/uploads\/2018\/03\/Pierre_2018.jpg?zoom=3&amp;resize=258%2C258&amp;ssl=1 774w\" width=\"258\" height=\"258\" loading=\"lazy\" data-original-width=\"258\" data-original-height=\"258\" itemprop=\"http:\/\/schema.org\/image\" title=\"Pierre_2018\" alt=\"Pierre_2018\" style=\"width: 258px; height: 258px;\" \/> <\/a> <\/div> <\/div> <div class=\"gallery-group\" style=\"width: 262px; height: 262px;\" data-original-width=\"262\" data-original-height=\"262\" > <div class=\"tiled-gallery-item \" itemprop=\"associatedMedia\" itemscope itemtype=\"http:\/\/schema.org\/ImageObject\"> <a href=\"https:\/\/www.apichamossaire.ch\/?attachment_id=801\" border=\"0\" itemprop=\"url\"> <meta itemprop=\"width\" content=\"258\"> <meta itemprop=\"height\" content=\"258\"> <img decoding=\"async\" class=\"\" data-attachment-id=\"801\" data-orig-file=\"https:\/\/www.apichamossaire.ch\/wp-content\/uploads\/2018\/03\/Pierre2_2018.jpg\" data-orig-size=\"768,1024\" data-comments-opened=\"1\" data-image-meta=\"{&quot;aperture&quot;:&quot;0&quot;,&quot;credit&quot;:&quot;&quot;,&quot;camera&quot;:&quot;&quot;,&quot;caption&quot;:&quot;&quot;,&quot;created_timestamp&quot;:&quot;0&quot;,&quot;copyright&quot;:&quot;&quot;,&quot;focal_length&quot;:&quot;0&quot;,&quot;iso&quot;:&quot;0&quot;,&quot;shutter_speed&quot;:&quot;0&quot;,&quot;title&quot;:&quot;&quot;,&quot;orientation&quot;:&quot;0&quot;}\" data-image-title=\"Pierre2_2018\" data-image-description=\"\" data-medium-file=\"https:\/\/i0.wp.com\/www.apichamossaire.ch\/wp-content\/uploads\/2018\/03\/Pierre2_2018.jpg?fit=225%2C300&#038;ssl=1\" data-large-file=\"https:\/\/i0.wp.com\/www.apichamossaire.ch\/wp-content\/uploads\/2018\/03\/Pierre2_2018.jpg?fit=525%2C700&#038;ssl=1\" src=\"https:\/\/i0.wp.com\/www.apichamossaire.ch\/wp-content\/uploads\/2018\/03\/Pierre2_2018.jpg?w=258&#038;h=258&#038;crop=1&#038;ssl=1\" srcset=\"https:\/\/i0.wp.com\/www.apichamossaire.ch\/wp-content\/uploads\/2018\/03\/Pierre2_2018.jpg?resize=150%2C150&amp;ssl=1 150w, https:\/\/i0.wp.com\/www.apichamossaire.ch\/wp-content\/uploads\/2018\/03\/Pierre2_2018.jpg?resize=100%2C100&amp;ssl=1 100w, https:\/\/i0.wp.com\/www.apichamossaire.ch\/wp-content\/uploads\/2018\/03\/Pierre2_2018.jpg?zoom=2&amp;resize=258%2C258&amp;ssl=1 516w\" width=\"258\" height=\"258\" loading=\"lazy\" data-original-width=\"258\" data-original-height=\"258\" itemprop=\"http:\/\/schema.org\/image\" title=\"Pierre2_2018\" alt=\"Pierre2_2018\" style=\"width: 258px; height: 258px;\" \/> <\/a> <\/div> <\/div> <\/div> <\/div>\n<p>La Soci\u00e9t\u00e9 d&rsquo;apiculture Le Chamossaire va f\u00eater ses 75 ans d&rsquo;existence.<\/p>\n<p style=\"text-align: center;\">\u00a0***<\/p>\n","protected":false},"excerpt":{"rendered":"<p>LE CHAMOSSAIRE Extrait du comit\u00e9 de la SAR du 11 d\u00e9cembre 1942: La section des Alpes d&rsquo;Aigle annonce 253 membres et 57 radiations. Lors de la m\u00eame s\u00e9ance, la section \u00ab\u00a0LE CHAMOSSAIRE\u00a0\u00bb demande sont admission. Renvoy\u00e9 \u00e0 la prochaine assembl\u00e9e des d\u00e9l\u00e9gu\u00e9s. Une assembl\u00e9e constitutive se tient le dimanche 20 d\u00e9cembre 1942 au Central-Logis \u00e0 &hellip; <\/p>\n<p class=\"link-more\"><a href=\"https:\/\/www.apichamossaire.ch\/?page_id=10\" class=\"more-link\">Continuer la lecture<span class=\"screen-reader-text\"> de &laquo;&nbsp;Historique&nbsp;&raquo;<\/span><\/a><\/p>\n","protected":false},"author":1,"featured_media":0,"parent":0,"menu_order":0,"comment_status":"closed","ping_status":"closed","template":"","meta":{"jetpack_post_was_ever_published":false,"footnotes":""},"class_list":["post-10","page","type-page","status-publish","hentry"],"jetpack_sharing_enabled":true,"jetpack_shortlink":"https:\/\/wp.me\/P9tc5Z-a","jetpack_likes_enabled":true,"jetpack-related-posts":[],"_links":{"self":[{"href":"https:\/\/www.apichamossaire.ch\/index.php?rest_route=\/wp\/v2\/pages\/10","targetHints":{"allow":["GET"]}}],"collection":[{"href":"https:\/\/www.apichamossaire.ch\/index.php?rest_route=\/wp\/v2\/pages"}],"about":[{"href":"https:\/\/www.apichamossaire.ch\/index.php?rest_route=\/wp\/v2\/types\/page"}],"author":[{"embeddable":true,"href":"https:\/\/www.apichamossaire.ch\/index.php?rest_route=\/wp\/v2\/users\/1"}],"replies":[{"embeddable":true,"href":"https:\/\/www.apichamossaire.ch\/index.php?rest_route=%2Fwp%2Fv2%2Fcomments&post=10"}],"version-history":[{"count":14,"href":"https:\/\/www.apichamossaire.ch\/index.php?rest_route=\/wp\/v2\/pages\/10\/revisions"}],"predecessor-version":[{"id":804,"href":"https:\/\/www.apichamossaire.ch\/index.php?rest_route=\/wp\/v2\/pages\/10\/revisions\/804"}],"wp:attachment":[{"href":"https:\/\/www.apichamossaire.ch\/index.php?rest_route=%2Fwp%2Fv2%2Fmedia&parent=10"}],"curies":[{"name":"wp","href":"https:\/\/api.w.org\/{rel}","templated":true}]}}